{"id":76798,"date":"2023-07-28T08:14:20","date_gmt":"2023-07-28T06:14:20","guid":{"rendered":"https:\/\/templ.io\/?post_type=customer&#038;p=76798"},"modified":"2023-07-28T08:14:20","modified_gmt":"2023-07-28T06:14:20","slug":"ez-web","status":"publish","type":"customer","link":"https:\/\/templ.io\/sv\/kunder\/ez-web\/","title":{"rendered":"EZ Web \u00e4r helhetsbyr\u00e5n f\u00f6r dig som vill ha det enkelt."},"content":{"rendered":"\n<p>Ett initialt koncept formades kring resultaten av marknadsunders\u00f6kningarna och webbyr\u00e5n ville erbjuda kunderna en enkel och prisv\u00e4rd l\u00f6sning som \u00e4nd\u00e5 h\u00f6ll en professionell niv\u00e5. M\u00e5let var att g\u00f6ra det sv\u00e5ra enkelt f\u00f6r f\u00f6retagen. Martin Lundberg, projektledare p\u00e5 EZ Web, f\u00f6rklarar: \u201cVi brukar s\u00e4ga att vi tar ner den digitala cyberrymden till dig som vill ha f\u00f6tterna p\u00e5 jorden. F\u00f6r att konkretisera det uttrycket s\u00e5 menar vi helt enkelt att vi g\u00f6r det enkelt f\u00f6r kunderna att f\u00f6rst\u00e5 det som f\u00f6r m\u00e5nga kan vara en otroligt komplex digital v\u00e4rld. Vi jobbar alltid n\u00e4ra v\u00e5ra kunder och finns alltid d\u00e4r f\u00f6r dem, innan projektet har startat, genom hela projektet men ocks\u00e5 efter projektet \u00e4r slutf\u00f6rt. Vi ser till hela kunden och hj\u00e4lper kunden att bli en bra best\u00e4llare, vi tar hand om hela kedjan f\u00f6r att skapa digitala upplevelser i v\u00e4rldsklass.\u201d<\/p>\n\n\n\n<p>EZ Web har sen starten v\u00e4xt fr\u00e5n att vara en renodlad webbyr\u00e5 till en helhetsbyr\u00e5 som idag levererar sina digital tj\u00e4nster till f\u00f6retag i hela landet. Eller som Martin uttrycker det: \u201cVi har v\u00e5rt hj\u00e4rta i Norrbotten, men v\u00e4rlden som arbetsplats\u201d.<\/p>\n\n\n\n<blockquote class=\"wp-block-quote\"><p>F\u00f6r oss \u00e4r det otroligt viktigt att tekniken fungerar och att vi har en partner som levererar en trygg och s\u00e4ker hosting \u00e5t v\u00e5ra kunder.<\/p><\/blockquote>\n\n\n\n<p>Tillg\u00e4nglighet, s\u00e4kerhet och anv\u00e4ndarv\u00e4nlighet \u00e4r viktiga ledord i byr\u00e5ns samarbete med kunder, och det g\u00e4ller \u00e4ven arbetet med leverant\u00f6rer. Valet f\u00f6ll p\u00e5 Templ n\u00e4r byr\u00e5n letande efter en hostingl\u00f6sning b\u00e4ttre anpassad f\u00f6r deras s\u00e4tt att arbeta. Martin utvecklar: \u201cVi har haft en riktigt bra dialog tillsammans med Templ \u00e4nda sedan vi p\u00e5b\u00f6rjade diskussionerna under 2021. Det viktigaste \u00e4r att de verkligen har lyssnat p\u00e5 v\u00e5ra behov och vad som \u00e4r viktigt f\u00f6r oss f\u00f6r att vi ska kunna erbjuda en tj\u00e4nst i v\u00e4rldsklass till v\u00e5ra kunder.\u201d<\/p>\n\n\n\n<blockquote class=\"wp-block-quote\"><p>N\u00e4r vi f\u00f6rst testade Templ var vi initialt lite skeptiska till skillnaden som utlovades fr\u00e5n Templ, men vi fick snabbt revidera den k\u00e4nslan. Fr\u00e5n start till m\u00e5l s\u00e5 \u00e4r prestanda b\u00e4ttre, och laddningstider v\u00e4sentligt b\u00e4ttre.<\/p><\/blockquote>\n\n\n\n<p>Tillskillnad fr\u00e5n andra hostingleverant\u00f6rer erbjuder Templ \u00e4ven hj\u00e4lp med bl.a. fels\u00f6kning och hastighetsoptimeringar. \u201cF\u00f6r v\u00e5rt f\u00f6retag \u00e4r tid n\u00e5gonting vi \u00e4r otroligt r\u00e4dd om och Templ \u00e4r lyh\u00f6rda och avlastar oss med fels\u00f6kning och optimeringar, vilket ger oss ett effektivare arbetsfl\u00f6de.\u201d f\u00f6rklarar Martin.<\/p>\n\n\n\n<p>Enkelheten \u00e4r en r\u00f6d tr\u00e5d som binder ihop allt EZ webs arbete, s\u00e5 det \u00e4r ett m\u00e5ste att leverant\u00f6rers verktyg \u00e4r enkla \u00e4r att arbeta med. \u201cEnkelhet sparar oss tid, och tid f\u00f6r oss \u00e4r v\u00e4rdefullt. Templs panel \u00e4r \u00f6versk\u00e5dlig och l\u00e4ttanv\u00e4nd, och vi kan utf\u00f6ra de \u00e5tg\u00e4rderna vi vill p\u00e5 ett enkelt och tidseffektivt s\u00e4tt.\u201d konstaterar Martin.<\/p>\n\n\n\n<blockquote class=\"wp-block-quote\"><p>Templ arbetar proaktivt med att g\u00f6ra oss medvetna om potentiella hot och problem. De \u00e4r l\u00f6sningsfokuserade och ger oss det st\u00f6d vi beh\u00f6ver n\u00e4r \u00e5tg\u00e4rder beh\u00f6ver utf\u00f6ras.<\/p><\/blockquote>\n\n\n\n<p>M\u00e5nga webbyr\u00e5er v\u00e4ljer fortfarande att hantera en egen server ist\u00e4llet f\u00f6r att samarbete med en webbhost. Martin ser dock flera f\u00f6rdelar med jobba med en host som Templ: \u201cAtt arbeta med managed WordPress-hosting sparar oss en hel del arbete kontra att arbeta med en VPS, samtidigt som det ger v\u00e5ra slutkunder och deras kunder en b\u00e4ttre upplevelse. Framf\u00f6r allt skulle jag s\u00e4ga att det har gett oss mer tid att kunna se, h\u00f6ra och tr\u00e4ffa v\u00e5ra kunder. Att vi i kombination med Templs managed WordPress-hosting ocks\u00e5 kan f\u00e5 support i v\u00e4rldsklass g\u00f6r oss trygga och glada att vi har gjort r\u00e4tt val f\u00f6r var vi \u00e4r nu, men ocks\u00e5 i framtiden.\u201d<\/p>\n\n\n\n<p>Martin tror att fler kommer uppt\u00e4cka f\u00f6rdelarna med managed hosting: \u201cjag skulle personligen bli f\u00f6rv\u00e5nad om vi inte ser en trend som visar att fler g\u00e5r \u00f6ver till managed hosting kontra en VPS-l\u00f6sning. I en v\u00e4rld d\u00e4r tempot \u00e4r h\u00f6gt och tid \u00e4r s\u00e5 otroligt v\u00e4rdefull s\u00e5 skulle jag bli f\u00f6rv\u00e5nad om inte f\u00f6rdelarna med en managed hostingl\u00f6sning g\u00f6r att fler v\u00e4ljer att ta steget.\u201d<\/p>\n\n\n\n<p>P\u00e5 fr\u00e5gan om varf\u00f6r andra webbyr\u00e5er b\u00f6r v\u00e4lja Templ, s\u00e4ger han: \u201cF\u00f6rst och fr\u00e4mst s\u00e5 skulle jag s\u00e4ga att tj\u00e4nsterna som Templ erbjuder \u00e4r tillg\u00e4ngliga, s\u00e4kra och anv\u00e4ndarv\u00e4nliga. Om man dessutom letar efter en leverant\u00f6r som f\u00f6rst\u00e5r ditt f\u00f6retags utmaningar och s\u00e4tter era behov i fokus s\u00e5 \u00e4r Templ helt r\u00e4tt val av leverant\u00f6r. L\u00e4gg dessutom till en support i absolut v\u00e4rldsklass d\u00e4r du blir bem\u00f6tt av r\u00e4tt personer, med r\u00e4tt kompetens och bem\u00f6tande s\u00e5 kan jag s\u00e4ga att det inte kan bli fel med Templ som leverant\u00f6r.\u201d<\/p>\n\n\n\n<p><a href=\"https:\/\/ezweb.se\/\">EZ Web<\/a> ser ut att g\u00e5r en ljus framtid till m\u00f6tes och Templ ser fram emot ett fortsatt givande samarbete.<\/p>\n","protected":false},"excerpt":{"rendered":"<p>Ett initialt koncept formades kring resultaten av marknadsunders\u00f6kningarna och webbyr\u00e5n ville erbjuda kunderna en enkel och prisv\u00e4rd l\u00f6sning som \u00e4nd\u00e5 h\u00f6ll en professionell niv\u00e5. M\u00e5let var att g\u00f6ra det sv\u00e5ra enkelt f\u00f6r f\u00f6retagen. Martin Lundberg, projektledare p\u00e5 EZ Web, f\u00f6rklarar: \u201cVi brukar s\u00e4ga att vi tar ner den digitala cyberrymden till dig som vill ha [&hellip;]<\/p>\n","protected":false},"author":9,"featured_media":76799,"template":"","meta":[],"acf":[],"_links":{"self":[{"href":"https:\/\/templ.io\/sv\/wp-json\/wp\/v2\/customer\/76798"}],"collection":[{"href":"https:\/\/templ.io\/sv\/wp-json\/wp\/v2\/customer"}],"about":[{"href":"https:\/\/templ.io\/sv\/wp-json\/wp\/v2\/types\/customer"}],"author":[{"embeddable":true,"href":"https:\/\/templ.io\/sv\/wp-json\/wp\/v2\/users\/9"}],"wp:featuredmedia":[{"embeddable":true,"href":"https:\/\/templ.io\/sv\/wp-json\/wp\/v2\/media\/76799"}],"wp:attachment":[{"href":"https:\/\/templ.io\/sv\/wp-json\/wp\/v2\/media?parent=76798"}],"curies":[{"name":"wp","href":"https:\/\/api.w.org\/{rel}","templated":true}]}}